{"id":333,"date":"2023-08-23T10:18:25","date_gmt":"2023-08-23T10:18:25","guid":{"rendered":"https:\/\/abogadosconsulting.es\/avis-legal-i-proteccio-de-dades-i-politica-de-cookies\/"},"modified":"2023-09-06T09:33:45","modified_gmt":"2023-09-06T09:33:45","slug":"avis-legal-i-proteccio-de-dades-i-politica-de-cookies","status":"publish","type":"page","link":"https:\/\/abogadosconsulting.es\/ca\/avis-legal-i-proteccio-de-dades-i-politica-de-cookies\/","title":{"rendered":"Av\u00eds legal i Protecci\u00f3 de dades i Pol\u00edtica de cookies"},"content":{"rendered":"<p><strong>AV\u00cdS LEGAL<\/strong><\/p>\n<p>Aquesta p\u00e0gina Web \u00e9s propietat de CONSULTING I GESTIO GLOBAL SL amb NIF n\u00ba B61220414 i domicili en AV. CATALUNYA, 128 LOCAL 4, CP 08756 La Palma de Cervell\u00f3, (Barcelona), Inscrita al Registre Mercantil de Barcelona al Tom 29.406, Foli 182, Full B-149676, Inscripci\u00f3 1a.<\/p>\n<p>Per a qualsevol consulta o proposta, contacti&#8217;ns a l&#8217;e-mail: info@abogadosconsulting.es<\/p>\n<p>Aquesta p\u00e0gina Web es regeix per la normativa exclusivament aplicable a Espanya, quedant sotmesa a ella, tant nacionals com estrangers que utilitzin aquesta Web.<\/p>\n<p>L&#8217;acc\u00e9s a la nostra p\u00e0gina Web per part de l&#8217;USUARI \u00e9s gratu\u00eft i est\u00e0 condicionat a la pr\u00e8via lectura i acceptaci\u00f3 integra, expressa i sense reserves de les presents CONDICIONS GENERALS D&#8217;\u00daS vigents en el moment de l&#8217;acc\u00e9s, que preguem llegeixi detingudament. L&#8217; USUARI en el moment que utilitza el nostre portal, els seus continguts o serveis, accepta i se sotmet expressament a les condicions generals d&#8217; \u00fas del mateix. Si l&#8217; usuari no estigui d&#8217; acord amb les presents condicions d&#8217; \u00fas, haur\u00e0 d&#8217; abstenir-se d&#8217; utilitzar aquest portal i operar per mitj\u00e0 del mateix.<\/p>\n<p>En qualsevol moment podrem modificar la presentaci\u00f3 i configuraci\u00f3 de la nostra Web, ampliar o reduir serveis, i fins i tot suprimir-la de la Xarxa, aix\u00ed com els serveis i continguts prestats, tot aix\u00f2 de forma unilateral i sense previ av\u00eds.<\/p>\n<p><strong>A. PROPIETAT INTEL\u00b7LECTUAL<\/strong><\/p>\n<p>Tots els continguts, textos, imatges, marques i codis font s\u00f3n de la nostra propietat o de tercers als quals s&#8217;han adquirit els seus drets d&#8217;explotaci\u00f3, i estan protegits pels drets de Propietat Intel\u00b7lectual i Industrial.<\/p>\n<p>L&#8217;usuari \u00fanicament t\u00e9 dret a un \u00fas privat dels mateixos, sense \u00e0nim de lucre, i necessita autoritzaci\u00f3 expressa per modificar-los, reproduir-los, explotar-los, distribuir-los o exercir qualsevol dret pertanyent al seu titular.<\/p>\n<p><strong>B. CONDICIONS D&#8217; ACC\u00c9S<\/strong><\/p>\n<p>L&#8217;acc\u00e9s a la nostra p\u00e0gina Web \u00e9s gratu\u00eft i no exigeix pr\u00e8via subscripci\u00f3 o registre.<\/p>\n<p>L&#8217;enviament de dades personals implica l&#8217;acceptaci\u00f3 expressa per part de l&#8217;USUARI de la nostra pol\u00edtica de privacitat.<\/p>\n<p>L&#8217;usuari ha d&#8217;accedir a la nostra p\u00e0gina Web conforme a la bona fe, les normes d&#8217;ordre p\u00fablic i a les presents Condicions Generals d&#8217;\u00fas. L&#8217;acc\u00e9s al nostre lloc Web es realitza sota la pr\u00f2pia i exclusiva responsabilitat de l&#8217;usuari, que respondr\u00e0 en tot cas dels danys i perjudicis que pugui causar a tercers o a nosaltres mateixos.<\/p>\n<p>Tenint en compte la impossibilitat de control respecte a la informaci\u00f3, continguts i serveis que continguin altres p\u00e0gines web als quals es pugui accedir a trav\u00e9s dels enlla\u00e7os que la nostra p\u00e0gina web pugui posar a la seva disposici\u00f3, li comuniquem que quedem eximits de qualsevol responsabilitat pels danys i perjudicis de tota classe que poguessin derivar per la utilitzaci\u00f3 d&#8217;aquestes p\u00e0gines web,  alienes a la nostra empresa, per part de l&#8217; usuari.<\/p>\n<p><strong>C. POL\u00cdTICA DE PRIVACITAT<\/strong><\/p>\n<p>La confidencialitat i la seguretat s\u00f3n valors primordials de CONSULTING I GESTIO GLOBAL SL i, en conseq\u00fc\u00e8ncia, assumim el comprom\u00eds de garantir la privacitat de l&#8217;Usuari en tot moment i de no recaptar informaci\u00f3 innecess\u00e0ria. A continuaci\u00f3, li proporcionem tota la informaci\u00f3 necess\u00e0ria sobre la nostra Pol\u00edtica de Privacitat en relaci\u00f3 amb les dades personals que recaiem, explicant-li:<\/p>\n<p>Qui \u00e9s el responsable del tractament de les seves dades.<br \/>Per a quines finalitats reprem les dades que li demanem.<br \/>Quina \u00e9s la legitimaci\u00f3 per al seu tractament.<br \/>Durant quant temps els conservem.<br \/>A quins destinataris es comuniquen les seves dades.<br \/>Quins s\u00f3n els seus drets i com exercir-los.<br \/>RESPONSABLE: veure dades a l&#8217; encap\u00e7alament.<\/p>\n<p><strong>FINALITATS, LEGITIMACI\u00d3 I CONSERVACI\u00d3 dels tractaments de les dades enviades a trav\u00e9s de:<\/strong><br \/>\u00b7 Formulari de Contacte.<\/p>\n<p><strong>Finalitat<\/strong>: Facilitar-li un mitj\u00e0 perqu\u00e8 pugui posar-se en contacte amb nosaltres i contestar a les seves sol\u00b7licituds d&#8217;informaci\u00f3, aix\u00ed com enviar-li comunicacions dels nostres productes, serveis i activitats, inclusivament per mitjans electr\u00f2nics (correu electr\u00f2nic, SMS, etc.), si marca la casella d&#8217;acceptaci\u00f3.<\/p>\n<p><strong>Legitimaci\u00f3<\/strong>: El consentiment de l&#8217;usuari en sol\u00b7licitar-nos informaci\u00f3 a trav\u00e9s del nostre formulari de contactes i en marcar la casella d&#8217;acceptaci\u00f3 d&#8217;enviament d&#8217;informaci\u00f3.<\/p>\n<p><strong>Conservaci\u00f3<\/strong>: Una vegada resolta la seva sol\u00b7licitud per mitj\u00e0 del nostre formulari o contestat per correu electr\u00f2nic, si no ha generat un nou tractament, i en cas d&#8217;haver acceptat rebre enviaments comercials, fins que sol\u00b7liciti la baixa dels mateixos.<\/p>\n<p><strong>\u00b7 Tramesa de correus electr\u00f2nics.<\/strong><\/p>\n<p><strong>Finalitat<\/strong>: Contestar a les seves sol.licituds d&#8217; informaci\u00f3, atendre les seves peticions i respondre les seves consultes o dubtes. En cas de rebre el seu Curr\u00edculum Vitae, les seves dades personals i curriculars podran formar part de les nostres bases de dades per participar en els nostres processos de selecci\u00f3 presents i futurs.<\/p>\n<p><strong>Legitimaci\u00f3<\/strong>: El consentiment de l&#8217;usuari en sol\u00b7licitar-nos informaci\u00f3 a trav\u00e9s de l&#8217;adre\u00e7a de correu electr\u00f2nic o enviar-nos les seves dades i CV per participar en els nostres processos de selecci\u00f3.<\/p>\n<p><strong>Conservaci\u00f3<\/strong>: Un cop resulta contestada la seva petici\u00f3 per correu electr\u00f2nic, si no ha generat un nou tractament. En el cas de rebre el seu CV, les seves dades podran ser conservades durant un any m\u00e0xim per a futurs processos de selecci\u00f3.<\/p>\n<p><strong>OBLIGACI\u00d3 DE FACILITAR LES SEVES DADES PERSONALS I CONSEQ\u00dc\u00c8NCIES DE NO FER-HO<\/strong><\/p>\n<p>La prestaci\u00f3 de dades personals requereix una edat m\u00ednima de 14 anys o, si s&#8217; escau, disposar de capacitat jur\u00eddica suficient per contractar.<\/p>\n<p>Les dades personals sol\u00b7licitades s\u00f3n necess\u00e0ries per gestionar les seves sol\u00b7licituds i\/o prestar-li els serveis que pugui contractar, per la qual cosa, si no ens els facilita, no podrem atendre-li correctament ni prestar-li el servei que ha sol\u00b7licitat.<\/p>\n<p>En qualsevol cas, ens reservem el dret de decidir sobre la incorporaci\u00f3 o no de les seves dades personals i la resta d&#8217; informaci\u00f3 a les nostres bases de dades.<\/p>\n<p><strong>D. DRETS D&#8217; ACC\u00c9S, RECTIFICACI\u00d3, CANCEL\u00b7LACI\u00d3 I OPOSICI\u00d3<\/strong><\/p>\n<p>Les dades que ens faciliti seran tractades de forma confidencial, aplicant-se les mesures de seguretat inform\u00e0tica establertes en la legislaci\u00f3 aplicable per evitar el seu acc\u00e9s o \u00fas indegut per part de tercers.<\/p>\n<p>T\u00e9 dret a obtenir confirmaci\u00f3 sobre si en CONSULTING I GESTIO GLOBAL SL estem tractant les seves dades personals, per tant, t\u00e9 dret a accedir a les seves dades personals, rectificar les dades inexactes o sol\u00b7licitar la seva supressi\u00f3 quan les dades ja no siguin necess\u00e0ries per a les finalitats que van ser recollides. Igualment, pot exercir els altres drets reconeguts per la normativa, com s\u00f3n els drets a la limitaci\u00f3 del tractament, a la portabilitat i a oposar-se al tractament.<\/p>\n<p>Drets: Pot retirar el seu consentiment en qualsevol moment, aix\u00ed com accedir, rectificar, suprimir les seves dades i altres drets en info@abogadosconsulting.es<\/p>\n<p>Informaci\u00f3 Addicional: Pot ampliar la informaci\u00f3 a l&#8217; enlla\u00e7 d&#8217; Avisos Legals.<\/p>\n","protected":false},"excerpt":{"rendered":"<p>AV\u00cdS LEGAL Aquesta p\u00e0gina Web \u00e9s propietat de CONSULTING I GESTIO GLOBAL SL amb NIF n\u00ba B61220414 i domicili en AV. CATALUNYA, 128 LOCAL 4, CP 08756 La Palma de Cervell\u00f3, (Barcelona), Inscrita al Registre Mercantil de Barcelona al Tom 29.406, Foli 182, Full B-149676, Inscripci\u00f3 1a. Per a qualsevol consulta o proposta, contacti&#8217;ns a &#8230; <a title=\"Av\u00eds legal i Protecci\u00f3 de dades i Pol\u00edtica de cookies\" class=\"read-more\" href=\"https:\/\/abogadosconsulting.es\/ca\/avis-legal-i-proteccio-de-dades-i-politica-de-cookies\/\" aria-label=\"M\u00e9s informaci\u00f3 sobre Av\u00eds legal i Protecci\u00f3 de dades i Pol\u00edtica de cookies\">Leer m\u00e1s<\/a><\/p>\n","protected":false},"author":1,"featured_media":0,"parent":0,"menu_order":0,"comment_status":"closed","ping_status":"closed","template":"","meta":{"_kad_blocks_custom_css":"","_kad_blocks_head_custom_js":"","_kad_blocks_body_custom_js":"","_kad_blocks_footer_custom_js":"","footnotes":""},"class_list":["post-333","page","type-page","status-publish"],"taxonomy_info":[],"featured_image_src_large":false,"author_info":{"display_name":"cristian","author_link":"https:\/\/abogadosconsulting.es\/ca\/author\/cristian\/"},"comment_info":0,"_links":{"self":[{"href":"https:\/\/abogadosconsulting.es\/ca\/wp-json\/wp\/v2\/pages\/333","targetHints":{"allow":["GET"]}}],"collection":[{"href":"https:\/\/abogadosconsulting.es\/ca\/wp-json\/wp\/v2\/pages"}],"about":[{"href":"https:\/\/abogadosconsulting.es\/ca\/wp-json\/wp\/v2\/types\/page"}],"author":[{"embeddable":true,"href":"https:\/\/abogadosconsulting.es\/ca\/wp-json\/wp\/v2\/users\/1"}],"replies":[{"embeddable":true,"href":"https:\/\/abogadosconsulting.es\/ca\/wp-json\/wp\/v2\/comments?post=333"}],"version-history":[{"count":1,"href":"https:\/\/abogadosconsulting.es\/ca\/wp-json\/wp\/v2\/pages\/333\/revisions"}],"predecessor-version":[{"id":334,"href":"https:\/\/abogadosconsulting.es\/ca\/wp-json\/wp\/v2\/pages\/333\/revisions\/334"}],"wp:attachment":[{"href":"https:\/\/abogadosconsulting.es\/ca\/wp-json\/wp\/v2\/media?parent=333"}],"curies":[{"name":"wp","href":"https:\/\/api.w.org\/{rel}","templated":true}]}}